{"id":1519,"date":"2022-03-16T09:52:58","date_gmt":"2022-03-16T08:52:58","guid":{"rendered":"https:\/\/www.e-sistemas.net\/acelera-pyme\/?page_id=1519"},"modified":"2025-01-08T12:40:35","modified_gmt":"2025-01-08T11:40:35","slug":"gestion-de-reder-sociales","status":"publish","type":"page","link":"https:\/\/www.e-sistemas.net\/acelera-pyme\/gestion-de-reder-sociales\/","title":{"rendered":"Gesti\u00f3n de redes sociales"},"content":{"rendered":"<p><a href=\"https:\/\/www.acelerapyme.gob.es\/kit-digital\/gestion-redes-sociales\"><img decoding=\"async\" src=\"\/acelera-pyme\/wp-content\/uploads\/2022\/03\/acelera-pyme-kit-digital.png\" alt=\"\"><\/a><\/p>\n<h2> Gesti\u00f3n de redes sociales<\/h2>\n<div>\n<p>El principal objetivo de esta categor\u00eda es promocionar tu empresa en redes sociales.<\/p>\n<p>Gestionaremos los perfiles en las diferentes redes sociales, como Facebook, Twitter, Instagram, Linkedin o Google My Business, para unificar tu imagen corporativa y darte a conocer.<\/p>\n<\/div>\n<div>\n<div>\n<h4>Servicio subvencionado hasta 5.000\u20ac por el programa Kit Digital<\/h4>\n<\/div>\n<\/div>\n<ul>\n<li>\n        <a href=\"https:\/\/www.e-sistemas.net\/acelera-pyme\/solicitar-informacion\">Solicitar Informaci\u00f3n<\/a>\n    <\/li>\n<li>\n        <a href=\"tel:+34958270876\">958270876<\/a>\n    <\/li>\n<\/ul>\n<h3>Plan de Gesti\u00f3n de redes sociales<\/h3>\n<ul>\n<li>\n<div>\n<p class=\"uk-margin-remove\">2.000 \u20ac <\/p>\n<p class=\"uk-text-meta uk-margin-remove\">(SIN IVA)<\/p>\n<\/div>\n<p><p class=\"uk-margin-remove\">Plan B\u00e1sico<\/p>\n<p class=\"uk-text-meta uk-margin-remove\">(2 Redes Sociales)<\/p>\n<\/p>\n<div>\n<ul class=\"uk-list uk-list-large\">\n<li>\n<div class=\"uk-grid-small\" uk-grid=\"\">\n<div class=\"uk-width-auto\"><img decoding=\"async\" class=\"uk-text-success\" src=\"\/acelera-pyme\/wp-content\/uploads\/yootheme\/check.svg\" uk-svg=\"\" loading=\"lazy\" \/><\/div>\n<div class=\"uk-width-expand\">\n<div>Social Media Plan<\/div>\n<div class=\"uk-text-meta\">Crearemos una estrategia adaptada a tus necesidades<br \/>Para ello realizaremos una consultor\u00eda inicial que nos ayudar\u00e1 en la planificaci\u00f3n previa<\/div>\n<\/div>\n<\/div>\n<\/li>\n<li>\n<div class=\"uk-grid-small\" uk-grid=\"\">\n<div class=\"uk-width-auto\"><img decoding=\"async\" class=\"uk-text-success\" src=\"\/acelera-pyme\/wp-content\/uploads\/yootheme\/check.svg\" uk-svg=\"\" loading=\"lazy\" \/><\/div>\n<div class=\"uk-width-expand\">\n<div>Redes Sociales incluidas<\/div>\n<div class=\"uk-text-meta\">2 a elegir entre Google My Business, Linkedin, Facebook, Instagram, Twitter<\/div>\n<\/div>\n<\/div>\n<\/li>\n<li>\n<div class=\"uk-grid-small\" uk-grid=\"\">\n<div class=\"uk-width-auto\"><img decoding=\"async\" class=\"uk-text-success\" src=\"\/acelera-pyme\/wp-content\/uploads\/yootheme\/check.svg\" uk-svg=\"\" loading=\"lazy\" \/><\/div>\n<div class=\"uk-width-expand\">\n<div>Monitorizaci\u00f3n de redes sociales<\/div>\n<div class=\"uk-text-meta\">Monitorizaremos el impacto de las acciones en las redes sociales<\/div>\n<\/div>\n<\/div>\n<li>\n<div class=\"uk-grid-small\" uk-grid=\"\">\n<div class=\"uk-width-auto\"><img decoding=\"async\" class=\"uk-text-success\" src=\"\/acelera-pyme\/wp-content\/uploads\/yootheme\/check.svg\" uk-svg=\"\" loading=\"lazy\" \/><\/div>\n<div class=\"uk-width-expand\">\n<div>Optimizaci\u00f3n de la red\/Auditor\u00eda Social Media<\/div>\n<div class=\"uk-text-meta\">te ayudar\u00e1 a optimizar el rendimiento, analizando diferentes canales sociales<\/div>\n<\/div>\n<\/div>\n<\/li>\n<li>\n<div class=\"uk-grid-small\" uk-grid=\"\">\n<div class=\"uk-width-auto\"><img decoding=\"async\" class=\"uk-text-success\" src=\"\/acelera-pyme\/wp-content\/uploads\/yootheme\/check.svg\" uk-svg=\"\" loading=\"lazy\" \/><\/div>\n<div class=\"uk-width-expand\">\n<div>Publicaci\u00f3n de posts semanales<\/div>\n<div class=\"uk-text-meta\">Publicaremos un m\u00ednimo de 4 entradas (posts) mensuales en tus redes sociales<\/div>\n<\/div>\n<\/div>\n<\/li>\n<\/div>\n<\/li>\n<li>\n<div>\n<p class=\"uk-margin-remove\">2.500 \u20ac <\/p>\n<p class=\"uk-text-meta uk-margin-remove\">(SIN IVA)<\/p>\n<\/div>\n<p><p class=\"uk-margin-remove\">Plan Empresa<\/p>\n<p class=\"uk-text-meta uk-margin-remove\">(3 Redes Sociales)<\/p>\n<\/p>\n<div>\n<ul class=\"uk-list uk-list-large\">\n<li>\n<div class=\"uk-grid-small\" uk-grid=\"\">\n<div class=\"uk-width-auto\"><img decoding=\"async\" class=\"uk-text-success\" src=\"\/acelera-pyme\/wp-content\/uploads\/yootheme\/check.svg\" uk-svg=\"\" loading=\"lazy\" \/><\/div>\n<div class=\"uk-width-expand\">\n<div>Social Media Plan<\/div>\n<div class=\"uk-text-meta\">Crearemos una estrategia adaptada a tus necesidadesbr \/>Para ello realizaremos una consultor\u00eda inicial que nos ayudar\u00e1 en la planificaci\u00f3n previa<\/div>\n<\/div>\n<\/div>\n<\/li>\n<\/li>\n<li>\n<div class=\"uk-grid-small\" uk-grid=\"\">\n<div class=\"uk-width-auto\"><img decoding=\"async\" class=\"uk-text-success\" src=\"\/acelera-pyme\/wp-content\/uploads\/yootheme\/check.svg\" uk-svg=\"\" loading=\"lazy\" \/><\/div>\n<div class=\"uk-width-expand\">\n<div>Redes Sociales incluidas<\/div>\n<div class=\"uk-text-meta\">3 a elegir entre Google My Business, Linkedin, Facebook, Instagram, Twitter<\/div>\n<\/div>\n<\/div>\n<\/li>\n<li>\n<div class=\"uk-grid-small\" uk-grid=\"\">\n<div class=\"uk-width-auto\"><img decoding=\"async\" class=\"uk-text-success\" src=\"\/acelera-pyme\/wp-content\/uploads\/yootheme\/check.svg\" uk-svg=\"\" loading=\"lazy\" \/><\/div>\n<div class=\"uk-width-expand\">\n<div>Monitorizaci\u00f3n de redes sociales<\/div>\n<div class=\"uk-text-meta\">Monitorizaremos el impacto de las acciones en las redes sociales<\/div>\n<\/div>\n<\/div>\n<li>\n<div class=\"uk-grid-small\" uk-grid=\"\">\n<div class=\"uk-width-auto\"><img decoding=\"async\" class=\"uk-text-success\" src=\"\/acelera-pyme\/wp-content\/uploads\/yootheme\/check.svg\" uk-svg=\"\" loading=\"lazy\" \/><\/div>\n<div class=\"uk-width-expand\">\n<div>Optimizaci\u00f3n de la red\/Auditor\u00eda Social Media<\/div>\n<div class=\"uk-text-meta\">te ayudar\u00e1 a optimizar el rendimiento, analizando diferentes canales sociales<\/div>\n<\/div>\n<\/div>\n<\/li>\n<li>\n<div class=\"uk-grid-small\" uk-grid=\"\">\n<div class=\"uk-width-auto\"><img decoding=\"async\" class=\"uk-text-success\" src=\"\/acelera-pyme\/wp-content\/uploads\/yootheme\/check.svg\" uk-svg=\"\" loading=\"lazy\" \/><\/div>\n<div class=\"uk-width-expand\">\n<div>Publicaci\u00f3n de posts semanales<\/div>\n<div class=\"uk-text-meta\">Publicaremos un m\u00ednimo de 6 entradas (posts) mensuales en tus redes sociales<\/div>\n<\/div>\n<\/div>\n<\/li>\n<\/div>\n<\/li>\n<li>\n<div>\n<p class=\"uk-margin-remove\">4.000 \u20ac <\/p>\n<p class=\"uk-text-meta uk-margin-remove\">(SIN IVA)<\/p>\n<\/div>\n<p><p class=\"uk-margin-remove\">Plan Corporate<\/p>\n<p class=\"uk-text-meta uk-margin-remove\">(5 Redes Sociales)<\/p>\n<\/p>\n<div>\n<ul class=\"uk-list uk-list-large\">\n<li>\n<div class=\"uk-grid-small\" uk-grid=\"\">\n<div class=\"uk-width-auto\"><img decoding=\"async\" class=\"uk-text-success\" src=\"\/acelera-pyme\/wp-content\/uploads\/yootheme\/check.svg\" uk-svg=\"\" loading=\"lazy\" \/><\/div>\n<div class=\"uk-width-expand\">\n<div>Social Media Plan<\/div>\n<div class=\"uk-text-meta\">Crearemos una estrategia adaptada a tus necesidadesbr \/>Para ello realizaremos una consultor\u00eda inicial que nos ayudar\u00e1 en la planificaci\u00f3n previa<\/div>\n<\/div>\n<\/div>\n<\/li>\n<\/li>\n<li>\n<div class=\"uk-grid-small\" uk-grid=\"\">\n<div class=\"uk-width-auto\"><img decoding=\"async\" class=\"uk-text-success\" src=\"\/acelera-pyme\/wp-content\/uploads\/yootheme\/check.svg\" uk-svg=\"\" loading=\"lazy\" \/><\/div>\n<div class=\"uk-width-expand\">\n<div>Redes Sociales incluidas<\/div>\n<div class=\"uk-text-meta\">Google My Business, Linkedin, Facebook, Instagram y Twitter<\/div>\n<\/div>\n<\/div>\n<\/li>\n<li>\n<div class=\"uk-grid-small\" uk-grid=\"\">\n<div class=\"uk-width-auto\"><img decoding=\"async\" class=\"uk-text-success\" src=\"\/acelera-pyme\/wp-content\/uploads\/yootheme\/check.svg\" uk-svg=\"\" loading=\"lazy\" \/><\/div>\n<div class=\"uk-width-expand\">\n<div>Monitorizaci\u00f3n de redes sociales<\/div>\n<div class=\"uk-text-meta\">Monitorizaremos el impacto de las acciones en las redes sociales<\/div>\n<\/div>\n<\/div>\n<li>\n<div class=\"uk-grid-small\" uk-grid=\"\">\n<div class=\"uk-width-auto\"><img decoding=\"async\" class=\"uk-text-success\" src=\"\/acelera-pyme\/wp-content\/uploads\/yootheme\/check.svg\" uk-svg=\"\" loading=\"lazy\" \/><\/div>\n<div class=\"uk-width-expand\">\n<div>Optimizaci\u00f3n de la red\/Auditor\u00eda Social Media<\/div>\n<div class=\"uk-text-meta\">te ayudar\u00e1 a optimizar el rendimiento, analizando diferentes canales sociales<\/div>\n<\/div>\n<\/div>\n<\/li>\n<li>\n<div class=\"uk-grid-small\" uk-grid=\"\">\n<div class=\"uk-width-auto\"><img decoding=\"async\" class=\"uk-text-success\" src=\"\/acelera-pyme\/wp-content\/uploads\/yootheme\/check.svg\" uk-svg=\"\" loading=\"lazy\" \/><\/div>\n<div class=\"uk-width-expand\">\n<div>Publicaci\u00f3n de posts semanales<\/div>\n<div class=\"uk-text-meta\">Publicaremos un m\u00ednimo de 10 entradas (posts) mensuales en tus redes sociales<\/div>\n<\/div>\n<\/div>\n<\/li>\n<\/div>\n<\/li>\n<\/ul>\n<ul>\n<li>\n<div>Importe de la ayuda para el plan de Gesti\u00f3n de redes sociales<\/div>\n<div>Cumpliendo las condiciones establecidas en las bases de la convocatoria de la ayuda del Kit Digital, dispondr\u00e1s de un bono digital con el que acceder a las soluciones de digitalizaci\u00f3n.<\/div>\n<\/li>\n<li>\n<div>\n<div class=\"uk-overflow-auto\">\n<table class=\"uk-table uk-table-divider uk-table-middle uk-table-justify\">\n<thead>\n<tr>\n<th>Segmentos de beneficiarios<\/th>\n<th>Importe de la ayuda<\/th>\n<\/tr>\n<\/thead>\n<tbody>\n<tr>\n<td><strong>Segmento V<br \/><\/strong>100 &lt; 150 empleados<\/td>\n<td class=\"text-center\" style=\"text-align: center;\"><strong>5.000 \u20ac<\/strong><\/td>\n<\/tr>\n<tr>\n<td><strong>Segmento IV<br \/><\/strong>50* &lt; 100 empleados<\/td>\n<td class=\"text-center\" style=\"text-align: center;\"><strong>5.000 \u20ac<\/strong><\/td>\n<\/tr>\n<tr>\n<td><strong>Segmento III<br \/><\/strong>0 &lt; 3 empleados<\/td>\n<td class=\"text-center\" style=\"text-align: center;\"><strong>2.000 \u20ac<\/strong><\/td>\n<\/tr>\n<tr>\n<td><strong>Segmento II<br \/><\/strong> 3 &lt; 9 empleados<\/td>\n<td class=\"text-center\" style=\"text-align: center;\"><strong>2.500 \u20ac(finalizado)<\/strong><\/td>\n<\/tr>\n<tr>\n<td><strong>Segmento I<br \/><\/strong>10 &lt; 50 empleados<\/td>\n<td class=\"text-center\" style=\"text-align: center;\"><strong>2.500 \u20ac(finalizado)<\/strong><\/td>\n<\/tr>\n<\/tbody>\n<\/table>\n<\/div>\n<\/div>\n<\/li>\n<\/ul>\n<p><!--more--><br \/>\n<!-- {\"type\":\"layout\",\"children\":[{\"type\":\"section\",\"props\":{\"animation\":\"slide-bottom-medium\",\"animation_delay\":\"100\",\"image_position\":\"center-center\",\"style\":\"default\",\"title\":\"Kit Digital\",\"title_breakpoint\":\"xl\",\"title_position\":\"top-left\",\"title_rotation\":\"left\",\"vertical_align\":\"\",\"width\":\"small\"},\"children\":[{\"type\":\"row\",\"children\":[{\"type\":\"column\",\"props\":{\"image_position\":\"center-center\",\"position_sticky_breakpoint\":\"m\"},\"children\":[{\"type\":\"image\",\"props\":{\"image\":\"wp-content\\\/uploads\\\/2022\\\/03\\\/acelera-pyme-kit-digital.png\",\"image_svg_color\":\"emphasis\",\"link\":\"https:\\\/\\\/www.acelerapyme.gob.es\\\/kit-digital\\\/gestion-redes-sociales\",\"link_target\":\"blank\",\"margin\":\"default\",\"text_align\":\"center\"}},{\"type\":\"headline\",\"props\":{\"block_align\":\"center\",\"content\":\" Gesti\\u00f3n de redes sociales\",\"maxwidth\":\"2xlarge\",\"text_align\":\"center\",\"title_element\":\"h2\",\"title_style\":\"h1\"}},{\"type\":\"text\",\"props\":{\"block_align\":\"center\",\"column_breakpoint\":\"m\",\"content\":\"\n\n<p>El principal objetivo de esta categor\\u00eda es promocionar tu empresa en redes sociales.<\\\/p>\\n\n\n<p>Gestionaremos los perfiles en las diferentes redes sociales, como Facebook, Twitter, Instagram, Linkedin o Google My Business, para unificar tu imagen corporativa y darte a conocer.<\\\/p>\",\"margin\":\"default\",\"maxwidth\":\"2xlarge\",\"text_align\":\"center\",\"text_style\":\"lead\"}},{\"type\":\"alert\",\"props\":{\"alert_size\":true,\"alert_style\":\"success\",\"block_align\":\"center\",\"content\":\"\n\n<h4>Servicio subvencionado hasta 5.000\\u20ac por el programa Kit Digital<\\\/h4>\",\"content_margin\":\"small\",\"maxwidth\":\"2xlarge\",\"text_align\":\"center\",\"title_element\":\"h3\"}},{\"type\":\"button\",\"props\":{\"grid_column_gap\":\"small\",\"grid_row_gap\":\"small\",\"margin\":\"\",\"text_align\":\"center\"},\"children\":[{\"type\":\"button_item\",\"props\":{\"button_style\":\"primary\",\"content\":\"Solicitar Informaci\\u00f3n\",\"icon_align\":\"left\",\"link\":\"https:\\\/\\\/www.e-sistemas.net\\\/acelera-pyme\\\/solicitar-informacion\"}},{\"type\":\"button_item\",\"props\":{\"button_style\":\"secondary\",\"content\":\"958270876\",\"icon_align\":\"left\",\"link\":\"tel:+34958270876\"}}]}]}]}]},{\"type\":\"section\",\"props\":{\"animation\":\"slide-bottom-medium\",\"animation_delay\":\"100\",\"image_position\":\"center-center\",\"style\":\"muted\",\"title\":\"Plan\",\"title_breakpoint\":\"xl\",\"title_position\":\"top-left\",\"title_rotation\":\"left\",\"vertical_align\":\"\",\"width\":\"small\"},\"children\":[{\"type\":\"row\",\"children\":[{\"type\":\"column\",\"props\":{\"image_position\":\"center-center\",\"position_sticky_breakpoint\":\"m\"},\"children\":[{\"type\":\"headline\",\"props\":{\"block_align\":\"center\",\"content\":\"Plan de Gesti\\u00f3n de redes sociales\",\"maxwidth\":\"2xlarge\",\"text_align\":\"center\",\"title_element\":\"h3\",\"title_style\":\"h2\"}},{\"type\":\"grid\",\"props\":{\"content_align\":true,\"content_column_breakpoint\":\"m\",\"content_margin\":\"medium\",\"filter\":true,\"filter_align\":\"center\",\"filter_all\":false,\"filter_animation\":\"false\",\"filter_grid_breakpoint\":\"m\",\"filter_grid_width\":\"auto\",\"filter_margin\":\"small\",\"filter_position\":\"top\",\"filter_style\":\"subnav-pill\",\"grid_default\":\"1\",\"grid_medium\":\"3\",\"icon_width\":80,\"image_align\":\"top\",\"image_grid_breakpoint\":\"m\",\"image_grid_width\":\"1-2\",\"image_svg_color\":\"emphasis\",\"item_animation\":true,\"item_maxwidth\":\"large\",\"link_fullwidth\":true,\"link_margin\":\"large\",\"link_size\":\"large\",\"link_style\":\"secondary\",\"link_text\":\"Mas Informaci\\u00f3n\",\"margin\":\"medium\",\"meta_align\":\"above-title\",\"meta_element\":\"div\",\"meta_style\":\"h3\",\"panel_padding\":\"small\",\"panel_style\":\"card-secondary\",\"parallax_easing\":\"1\",\"position\":\"relative\",\"position_z_index\":\"1\",\"show_content\":true,\"show_image\":true,\"show_link\":true,\"show_meta\":true,\"show_title\":true,\"text_align\":\"center\",\"title_align\":\"top\",\"title_element\":\"div\",\"title_grid_breakpoint\":\"m\",\"title_grid_width\":\"1-2\",\"title_hover_style\":\"reset\",\"title_style\":\"h2\"},\"children\":[{\"type\":\"grid_item\",\"props\":{\"content\":\"\n\n<ul class=\\\"uk-list uk-list-large\\\">\\n\n\n<li>\\n\n\n<div class=\\\"uk-grid-small\\\" uk-grid=\\\"\\\">\\n\n\n<div class=\\\"uk-width-auto\\\"><img class=\\\"uk-text-success\\\" src=\\\"wp-content\\\/uploads\\\/yootheme\\\/check.svg\\\" uk-svg=\\\"\\\" loading=\\\"lazy\\\" \\\/><\\\/div>\\n\n\n<div class=\\\"uk-width-expand\\\">\\n\n\n<div>Social Media Plan<\\\/div>\\n\n\n<div class=\\\"uk-text-meta\\\">Crearemos una estrategia adaptada a tus necesidades<br \\\/>Para ello realizaremos una consultor\\u00eda inicial que nos ayudar\\u00e1 en la planificaci\\u00f3n previa<\\\/div>\\n<\\\/div>\\n<\\\/div>\\n<\\\/li>\\n\n\n<li>\\n\n\n<div class=\\\"uk-grid-small\\\" uk-grid=\\\"\\\">\\n\n\n<div class=\\\"uk-width-auto\\\"><img class=\\\"uk-text-success\\\" src=\\\"wp-content\\\/uploads\\\/yootheme\\\/check.svg\\\" uk-svg=\\\"\\\" loading=\\\"lazy\\\" \\\/><\\\/div>\\n\n\n<div class=\\\"uk-width-expand\\\">\\n\n\n<div>Redes Sociales incluidas<\\\/div>\\n\n\n<div class=\\\"uk-text-meta\\\">2 a elegir entre Google My Business, Linkedin, Facebook, Instagram, Twitter<\\\/div>\\n<\\\/div>\\n<\\\/div>\\n<\\\/li>\\n\n\n<li>\\n\n\n<div class=\\\"uk-grid-small\\\" uk-grid=\\\"\\\">\\n\n\n<div class=\\\"uk-width-auto\\\"><img class=\\\"uk-text-success\\\" src=\\\"wp-content\\\/uploads\\\/yootheme\\\/check.svg\\\" uk-svg=\\\"\\\" loading=\\\"lazy\\\" \\\/><\\\/div>\\n\n\n<div class=\\\"uk-width-expand\\\">\\n\n\n<div>Monitorizaci\\u00f3n de redes sociales<\\\/div>\\n\n\n<div class=\\\"uk-text-meta\\\">Monitorizaremos el impacto de las acciones en las redes sociales<\\\/div>\\n<\\\/div>\\n<\\\/div>\\n\n\n<li>\\n\n\n<div class=\\\"uk-grid-small\\\" uk-grid=\\\"\\\">\\n\n\n<div class=\\\"uk-width-auto\\\"><img class=\\\"uk-text-success\\\" src=\\\"wp-content\\\/uploads\\\/yootheme\\\/check.svg\\\" uk-svg=\\\"\\\" loading=\\\"lazy\\\" \\\/><\\\/div>\\n\n\n<div class=\\\"uk-width-expand\\\">\\n\n\n<div>Optimizaci\\u00f3n de la red\\\/Auditor\\u00eda Social Media<\\\/div>\\n\n\n<div class=\\\"uk-text-meta\\\">te ayudar\\u00e1 a optimizar el rendimiento, analizando diferentes canales sociales<\\\/div>\\n<\\\/div>\\n<\\\/div>\\n<\\\/li>\\n\n\n<li>\\n\n\n<div class=\\\"uk-grid-small\\\" uk-grid=\\\"\\\">\\n\n\n<div class=\\\"uk-width-auto\\\"><img class=\\\"uk-text-success\\\" src=\\\"wp-content\\\/uploads\\\/yootheme\\\/check.svg\\\" uk-svg=\\\"\\\" loading=\\\"lazy\\\" \\\/><\\\/div>\\n\n\n<div class=\\\"uk-width-expand\\\">\\n\n\n<div>Publicaci\\u00f3n de posts semanales<\\\/div>\\n\n\n<div class=\\\"uk-text-meta\\\">Publicaremos un m\\u00ednimo de 4 entradas (posts) mensuales en tus redes sociales<\\\/div>\\n<\\\/div>\\n<\\\/div>\\n<\\\/li>\",\"meta\":\"\n\n<p class=\\\"uk-margin-remove\\\">Plan B\\u00e1sico<\\\/p>\n\n<p class=\\\"uk-text-meta uk-margin-remove\\\">(2 Redes Sociales)<\\\/p>\",\"title\":\"\n\n<p class=\\\"uk-margin-remove\\\">2.000 \\u20ac <\\\/p>\n\n<p class=\\\"uk-text-meta uk-margin-remove\\\">(SIN IVA)<\\\/p>\"}},{\"type\":\"grid_item\",\"props\":{\"content\":\"\n\n<ul class=\\\"uk-list uk-list-large\\\">\\n\n\n<li>\\n\n\n<div class=\\\"uk-grid-small\\\" uk-grid=\\\"\\\">\\n\n\n<div class=\\\"uk-width-auto\\\"><img class=\\\"uk-text-success\\\" src=\\\"wp-content\\\/uploads\\\/yootheme\\\/check.svg\\\" uk-svg=\\\"\\\" loading=\\\"lazy\\\" \\\/><\\\/div>\\n\n\n<div class=\\\"uk-width-expand\\\">\\n\n\n<div>Social Media Plan<\\\/div>\\n\n\n<div class=\\\"uk-text-meta\\\">Crearemos una estrategia adaptada a tus necesidadesbr \\\/>Para ello realizaremos una consultor\\u00eda inicial que nos ayudar\\u00e1 en la planificaci\\u00f3n previa<\\\/div>\\n<\\\/div>\\n<\\\/div>\\n<\\\/li>\\n<\\\/li>\\n\n\n<li>\\n\n\n<div class=\\\"uk-grid-small\\\" uk-grid=\\\"\\\">\\n\n\n<div class=\\\"uk-width-auto\\\"><img class=\\\"uk-text-success\\\" src=\\\"wp-content\\\/uploads\\\/yootheme\\\/check.svg\\\" uk-svg=\\\"\\\" loading=\\\"lazy\\\" \\\/><\\\/div>\\n\n\n<div class=\\\"uk-width-expand\\\">\\n\n\n<div>Redes Sociales incluidas<\\\/div>\\n\n\n<div class=\\\"uk-text-meta\\\">3 a elegir entre Google My Business, Linkedin, Facebook, Instagram, Twitter<\\\/div>\\n<\\\/div>\\n<\\\/div>\\n<\\\/li>\\n\n\n<li>\\n\n\n<div class=\\\"uk-grid-small\\\" uk-grid=\\\"\\\">\\n\n\n<div class=\\\"uk-width-auto\\\"><img class=\\\"uk-text-success\\\" src=\\\"wp-content\\\/uploads\\\/yootheme\\\/check.svg\\\" uk-svg=\\\"\\\" loading=\\\"lazy\\\" \\\/><\\\/div>\\n\n\n<div class=\\\"uk-width-expand\\\">\\n\n\n<div>Monitorizaci\\u00f3n de redes sociales<\\\/div>\\n\n\n<div class=\\\"uk-text-meta\\\">Monitorizaremos el impacto de las acciones en las redes sociales<\\\/div>\\n<\\\/div>\\n<\\\/div>\\n\n\n<li>\\n\n\n<div class=\\\"uk-grid-small\\\" uk-grid=\\\"\\\">\\n\n\n<div class=\\\"uk-width-auto\\\"><img class=\\\"uk-text-success\\\" src=\\\"wp-content\\\/uploads\\\/yootheme\\\/check.svg\\\" uk-svg=\\\"\\\" loading=\\\"lazy\\\" \\\/><\\\/div>\\n\n\n<div class=\\\"uk-width-expand\\\">\\n\n\n<div>Optimizaci\\u00f3n de la red\\\/Auditor\\u00eda Social Media<\\\/div>\\n\n\n<div class=\\\"uk-text-meta\\\">te ayudar\\u00e1 a optimizar el rendimiento, analizando diferentes canales sociales<\\\/div>\\n<\\\/div>\\n<\\\/div>\\n<\\\/li>\\n\n\n<li>\\n\n\n<div class=\\\"uk-grid-small\\\" uk-grid=\\\"\\\">\\n\n\n<div class=\\\"uk-width-auto\\\"><img class=\\\"uk-text-success\\\" src=\\\"wp-content\\\/uploads\\\/yootheme\\\/check.svg\\\" uk-svg=\\\"\\\" loading=\\\"lazy\\\" \\\/><\\\/div>\\n\n\n<div class=\\\"uk-width-expand\\\">\\n\n\n<div>Publicaci\\u00f3n de posts semanales<\\\/div>\\n\n\n<div class=\\\"uk-text-meta\\\">Publicaremos un m\\u00ednimo de 6 entradas (posts) mensuales en tus redes sociales<\\\/div>\\n<\\\/div>\\n<\\\/div>\\n<\\\/li>\",\"meta\":\"\n\n<p class=\\\"uk-margin-remove\\\">Plan Empresa<\\\/p>\n\n<p class=\\\"uk-text-meta uk-margin-remove\\\">(3 Redes Sociales)<\\\/p>\",\"title\":\"\n\n<p class=\\\"uk-margin-remove\\\">2.500 \\u20ac <\\\/p>\n\n<p class=\\\"uk-text-meta uk-margin-remove\\\">(SIN IVA)<\\\/p>\"}},{\"type\":\"grid_item\",\"props\":{\"content\":\"\n\n<ul class=\\\"uk-list uk-list-large\\\">\\n\n\n<li>\\n\n\n<div class=\\\"uk-grid-small\\\" uk-grid=\\\"\\\">\\n\n\n<div class=\\\"uk-width-auto\\\"><img class=\\\"uk-text-success\\\" src=\\\"wp-content\\\/uploads\\\/yootheme\\\/check.svg\\\" uk-svg=\\\"\\\" loading=\\\"lazy\\\" \\\/><\\\/div>\\n\n\n<div class=\\\"uk-width-expand\\\">\\n\n\n<div>Social Media Plan<\\\/div>\\n\n\n<div class=\\\"uk-text-meta\\\">Crearemos una estrategia adaptada a tus necesidadesbr \\\/>Para ello realizaremos una consultor\\u00eda inicial que nos ayudar\\u00e1 en la planificaci\\u00f3n previa<\\\/div>\\n<\\\/div>\\n<\\\/div>\\n<\\\/li>\\n<\\\/li>\\n\n\n<li>\\n\n\n<div class=\\\"uk-grid-small\\\" uk-grid=\\\"\\\">\\n\n\n<div class=\\\"uk-width-auto\\\"><img class=\\\"uk-text-success\\\" src=\\\"wp-content\\\/uploads\\\/yootheme\\\/check.svg\\\" uk-svg=\\\"\\\" loading=\\\"lazy\\\" \\\/><\\\/div>\\n\n\n<div class=\\\"uk-width-expand\\\">\\n\n\n<div>Redes Sociales incluidas<\\\/div>\\n\n\n<div class=\\\"uk-text-meta\\\">Google My Business, Linkedin, Facebook, Instagram y Twitter<\\\/div>\\n<\\\/div>\\n<\\\/div>\\n<\\\/li>\\n\n\n<li>\\n\n\n<div class=\\\"uk-grid-small\\\" uk-grid=\\\"\\\">\\n\n\n<div class=\\\"uk-width-auto\\\"><img class=\\\"uk-text-success\\\" src=\\\"wp-content\\\/uploads\\\/yootheme\\\/check.svg\\\" uk-svg=\\\"\\\" loading=\\\"lazy\\\" \\\/><\\\/div>\\n\n\n<div class=\\\"uk-width-expand\\\">\\n\n\n<div>Monitorizaci\\u00f3n de redes sociales<\\\/div>\\n\n\n<div class=\\\"uk-text-meta\\\">Monitorizaremos el impacto de las acciones en las redes sociales<\\\/div>\\n<\\\/div>\\n<\\\/div>\\n\n\n<li>\\n\n\n<div class=\\\"uk-grid-small\\\" uk-grid=\\\"\\\">\\n\n\n<div class=\\\"uk-width-auto\\\"><img class=\\\"uk-text-success\\\" src=\\\"wp-content\\\/uploads\\\/yootheme\\\/check.svg\\\" uk-svg=\\\"\\\" loading=\\\"lazy\\\" \\\/><\\\/div>\\n\n\n<div class=\\\"uk-width-expand\\\">\\n\n\n<div>Optimizaci\\u00f3n de la red\\\/Auditor\\u00eda Social Media<\\\/div>\\n\n\n<div class=\\\"uk-text-meta\\\">te ayudar\\u00e1 a optimizar el rendimiento, analizando diferentes canales sociales<\\\/div>\\n<\\\/div>\\n<\\\/div>\\n<\\\/li>\\n\n\n<li>\\n\n\n<div class=\\\"uk-grid-small\\\" uk-grid=\\\"\\\">\\n\n\n<div class=\\\"uk-width-auto\\\"><img class=\\\"uk-text-success\\\" src=\\\"wp-content\\\/uploads\\\/yootheme\\\/check.svg\\\" uk-svg=\\\"\\\" loading=\\\"lazy\\\" \\\/><\\\/div>\\n\n\n<div class=\\\"uk-width-expand\\\">\\n\n\n<div>Publicaci\\u00f3n de posts semanales<\\\/div>\\n\n\n<div class=\\\"uk-text-meta\\\">Publicaremos un m\\u00ednimo de 10 entradas (posts) mensuales en tus redes sociales<\\\/div>\\n<\\\/div>\\n<\\\/div>\\n<\\\/li>\",\"meta\":\"\n\n<p class=\\\"uk-margin-remove\\\">Plan Corporate<\\\/p>\n\n<p class=\\\"uk-text-meta uk-margin-remove\\\">(5 Redes Sociales)<\\\/p>\",\"title\":\"\n\n<p class=\\\"uk-margin-remove\\\">4.000 \\u20ac <\\\/p>\n\n<p class=\\\"uk-text-meta uk-margin-remove\\\">(SIN IVA)<\\\/p>\"}}]},{\"type\":\"panel-slider\",\"props\":{\"content_column_breakpoint\":\"m\",\"icon_width\":80,\"image_align\":\"top\",\"image_grid_breakpoint\":\"m\",\"image_grid_width\":\"1-2\",\"image_svg_color\":\"emphasis\",\"image_svg_inline\":true,\"image_width\":\"58\",\"link_style\":\"default\",\"link_text\":\"\",\"margin\":\"xlarge\",\"meta_align\":\"below-title\",\"meta_element\":\"div\",\"meta_style\":\"text-meta\",\"nav\":\"\",\"nav_align\":\"center\",\"nav_breakpoint\":\"s\",\"panel_link\":true,\"panel_match\":true,\"show_content\":true,\"show_image\":true,\"show_link\":true,\"show_meta\":true,\"show_title\":true,\"slidenav\":\"outside\",\"slidenav_breakpoint\":\"xl\",\"slidenav_margin\":\"medium\",\"slidenav_outside_breakpoint\":\"xl\",\"slider_autoplay_pause\":true,\"slider_center\":true,\"slider_finite\":true,\"slider_gap\":\"default\",\"slider_width\":\"\",\"slider_width_default\":\"1-1\",\"slider_width_medium\":\"1-3\",\"status\":\"disabled\",\"text_align\":\"center\",\"title_align\":\"top\",\"title_element\":\"div\",\"title_grid_breakpoint\":\"m\",\"title_grid_width\":\"1-2\",\"title_hover_style\":\"reset\"},\"children\":[{\"type\":\"panel-slider_item\",\"props\":{\"image\":\"wp-content\\\/uploads\\\/yootheme\\\/icon-workshops-trainings.svg\",\"title\":\"Linkedin\"}},{\"type\":\"panel-slider_item\",\"props\":{\"image\":\"wp-content\\\/uploads\\\/yootheme\\\/home-feature-automate-floating-icon.svg\",\"title\":\"Facebook\"}},{\"type\":\"panel-slider_item\",\"props\":{\"image\":\"wp-content\\\/uploads\\\/yootheme\\\/icon-integrations.svg\",\"title\":\"Instagram\"}}]}]}]}]},{\"type\":\"section\",\"props\":{\"animation\":\"slide-bottom-medium\",\"animation_delay\":\"100\",\"image_position\":\"center-center\",\"style\":\"secondary\",\"title\":\"Ayuda\",\"title_breakpoint\":\"xl\",\"title_position\":\"top-left\",\"title_rotation\":\"left\",\"vertical_align\":\"\",\"width\":\"default\"},\"children\":[{\"type\":\"row\",\"children\":[{\"type\":\"column\",\"props\":{\"image_position\":\"center-center\",\"position_sticky_breakpoint\":\"m\"},\"children\":[{\"type\":\"grid\",\"props\":{\"content_align\":true,\"content_column_breakpoint\":\"m\",\"filter\":true,\"filter_align\":\"center\",\"filter_all\":false,\"filter_grid_breakpoint\":\"m\",\"filter_grid_width\":\"auto\",\"filter_position\":\"top\",\"filter_style\":\"subnav-pill\",\"grid_default\":\"1\",\"grid_medium\":\"2\",\"icon_width\":80,\"image_align\":\"top\",\"image_grid_breakpoint\":\"m\",\"image_grid_width\":\"1-2\",\"image_svg_color\":\"emphasis\",\"item_animation\":true,\"item_maxwidth\":\"large\",\"link_style\":\"default\",\"link_text\":\"Read more\",\"margin\":\"default\",\"meta_align\":\"above-title\",\"meta_element\":\"div\",\"meta_style\":\"h3\",\"panel_padding\":\"large\",\"parallax_easing\":\"1\",\"position\":\"relative\",\"show_content\":true,\"show_image\":true,\"show_link\":true,\"show_meta\":true,\"show_title\":true,\"text_align\":\"center\",\"title_align\":\"top\",\"title_element\":\"div\",\"title_grid_breakpoint\":\"m\",\"title_grid_width\":\"1-2\",\"title_hover_style\":\"reset\",\"title_style\":\"h3\"},\"children\":[{\"type\":\"grid_item\",\"props\":{\"content\":\"Cumpliendo las condiciones establecidas en las bases de la convocatoria de la ayuda del Kit Digital, dispondr\\u00e1s de un bono digital con el que acceder a las soluciones de digitalizaci\\u00f3n.\",\"title\":\"Importe de la ayuda para el plan de Gesti\\u00f3n de redes sociales\"}},{\"type\":\"grid_item\",\"props\":{\"content\":\"\n\n<div class=\\\"uk-overflow-auto\\\">\\n\n\n<table class=\\\"uk-table uk-table-divider uk-table-middle uk-table-justify\\\">\\n\n\n<thead>\\n\n\n<tr>\\n\n\n<th>Segmentos de beneficiarios<\\\/th>\\n\n\n<th>Importe de la ayuda<\\\/th>\\n<\\\/tr>\\n<\\\/thead>\\n\n\n<tbody>\\n    \n\n<tr>\\n\n\n<td><strong>Segmento V<br \\\/><\\\/strong>100 &lt; 150 empleados<\\\/td>\\n\n\n<td class=\\\"text-center\\\" style=\\\"text-align: center;\\\"><strong>5.000 \\u20ac<\\\/strong><\\\/td>\\n<\\\/tr>\\n    \n\n<tr>\\n\n\n<td><strong>Segmento IV<br \\\/><\\\/strong>50* &lt; 100 empleados<\\\/td>\\n\n\n<td class=\\\"text-center\\\" style=\\\"text-align: center;\\\"><strong>5.000 \\u20ac<\\\/strong><\\\/td>\\n<\\\/tr>\\n\n\n<tr>\\n\n\n<td><strong>Segmento III<br \\\/><\\\/strong>0 &lt; 3 empleados<\\\/td>\\n\n\n<td class=\\\"text-center\\\" style=\\\"text-align: center;\\\"><strong>2.000 \\u20ac<\\\/strong><\\\/td>\\n<\\\/tr>\\n\n\n<tr>\\n\n\n<td><strong>Segmento II<br \\\/><\\\/strong> 3 &lt; 9 empleados<\\\/td>\\n\n\n<td class=\\\"text-center\\\" style=\\\"text-align: center;\\\"><strong>2.500 \\u20ac(finalizado)<\\\/strong><\\\/td>\\n<\\\/tr>\\n\n\n<tr>\\n\n\n<td><strong>Segmento I<br \\\/><\\\/strong>10 &lt; 50 empleados<\\\/td>\\n\n\n<td class=\\\"text-center\\\" style=\\\"text-align: center;\\\"><strong>2.500 \\u20ac(finalizado)<\\\/strong><\\\/td>\\n<\\\/tr>\\n<\\\/tbody>\\n<\\\/table>\\n<\\\/div>\"}}]}]}]}]}],\"version\":\"4.4.19\"} --><\/p>\n","protected":false},"excerpt":{"rendered":"<p>Gesti\u00f3n de redes sociales El principal objetivo de esta categor\u00eda es promocionar tu empresa en redes sociales. Gestionaremos los perfiles en las diferentes redes sociales, como Facebook, Twitter, Instagram, Linkedin o Google My Business, para unificar tu imagen corporativa y darte a conocer. Servicio subvencionado hasta 5.000\u20ac por el programa Kit Digital Solicitar Informaci\u00f3n 958270876 [&hellip;]<\/p>\n","protected":false},"author":2,"featured_media":0,"parent":0,"menu_order":0,"comment_status":"closed","ping_status":"closed","template":"","meta":{"_acf_changed":false,"footnotes":""},"class_list":["post-1519","page","type-page","status-publish","hentry"],"acf":[],"_links":{"self":[{"href":"https:\/\/www.e-sistemas.net\/acelera-pyme\/wp-json\/wp\/v2\/pages\/1519","targetHints":{"allow":["GET"]}}],"collection":[{"href":"https:\/\/www.e-sistemas.net\/acelera-pyme\/wp-json\/wp\/v2\/pages"}],"about":[{"href":"https:\/\/www.e-sistemas.net\/acelera-pyme\/wp-json\/wp\/v2\/types\/page"}],"author":[{"embeddable":true,"href":"https:\/\/www.e-sistemas.net\/acelera-pyme\/wp-json\/wp\/v2\/users\/2"}],"replies":[{"embeddable":true,"href":"https:\/\/www.e-sistemas.net\/acelera-pyme\/wp-json\/wp\/v2\/comments?post=1519"}],"version-history":[{"count":61,"href":"https:\/\/www.e-sistemas.net\/acelera-pyme\/wp-json\/wp\/v2\/pages\/1519\/revisions"}],"predecessor-version":[{"id":2264,"href":"https:\/\/www.e-sistemas.net\/acelera-pyme\/wp-json\/wp\/v2\/pages\/1519\/revisions\/2264"}],"wp:attachment":[{"href":"https:\/\/www.e-sistemas.net\/acelera-pyme\/wp-json\/wp\/v2\/media?parent=1519"}],"curies":[{"name":"wp","href":"https:\/\/api.w.org\/{rel}","templated":true}]}}